{"id":31,"date":"2017-04-22T14:20:15","date_gmt":"2017-04-22T14:20:15","guid":{"rendered":"http:\/\/physiofit-tharner.de\/?page_id=31"},"modified":"2021-09-27T15:03:29","modified_gmt":"2021-09-27T15:03:29","slug":"philosophie","status":"publish","type":"page","link":"http:\/\/physiofit-tharner.de\/?page_id=31","title":{"rendered":"Philosophie"},"content":{"rendered":"<p>\u201eWohlbefinden am Arbeitsplatz ist eine der Grundvoraussetzungen f\u00fcr Leistungsf\u00e4higkeit!\u201c<\/p>\n<p>Da viele k\u00f6rperliche Beschwerden auf ein ung\u00fcnstiges Bewegungsverhalten im Alltag zur\u00fcckzuf\u00fchren sind, und viele dieser Beschwerden bereits in der Entstehung gelindert oder vermieden werden k\u00f6nnen, habe ich mich neben meinen bisherigen Qualifikationen, zus\u00e4tzlich auf die BGM und BGF f\u00fcr kleine und mittelst\u00e4ndische Unternehmen spezialisiert. So f\u00fchre ich eine umfassende, urs\u00e4chliche Betreuung und Therapie durch. <strong>Bereits kleine Verhaltens\u00e4nderungen, haben oft gro\u00dfe, positive Wirkung!<\/strong><\/p>\n<p>Ich erstelle <strong>zusammen mit Ihnen ein individuelles Konzept<\/strong>, wie wir das <strong>Wohlbefinden Ihrer Mitarbeiter erhalten oder f\u00f6rdern k\u00f6nnen, um maximale Leistungsf\u00e4higkeit\u00a0 Ihrer Mitarbeiter zu erzielen. <\/strong><\/p>\n<p>K\u00f6rperlich aktive Mitarbeiter sind belastbarer, kreativer, motivierter, effektiver und fehlen seltener.<\/p>\n<p>&nbsp;<\/p>\n<p><a href=\"http:\/\/physiofit-tharner.de\/?page_id=40\"><b>Impressum\/Datenschutz<\/b><\/a><\/p>\n","protected":false},"excerpt":{"rendered":"<p>\u201eWohlbefinden am Arbeitsplatz ist eine der Grundvoraussetzungen f\u00fcr Leistungsf\u00e4higkeit!\u201c Da viele k\u00f6rperliche Beschwerden auf ein ung\u00fcnstiges Bewegungsverhalten im Alltag zur\u00fcckzuf\u00fchren sind, und viele dieser Beschwerden bereits in der Entstehung gelindert oder vermieden werden k\u00f6nnen, habe ich mich neben meinen bisherigen <a class=\"more-link\" href=\"http:\/\/physiofit-tharner.de\/?page_id=31\">weiterlesen&#8230;<\/a><\/p>\n","protected":false},"author":1,"featured_media":0,"parent":0,"menu_order":2,"comment_status":"closed","ping_status":"closed","template":"","meta":[],"_links":{"self":[{"href":"http:\/\/physiofit-tharner.de\/index.php?rest_route=\/wp\/v2\/pages\/31"}],"collection":[{"href":"http:\/\/physiofit-tharner.de\/index.php?rest_route=\/wp\/v2\/pages"}],"about":[{"href":"http:\/\/physiofit-tharner.de\/index.php?rest_route=\/wp\/v2\/types\/page"}],"author":[{"embeddable":true,"href":"http:\/\/physiofit-tharner.de\/index.php?rest_route=\/wp\/v2\/users\/1"}],"replies":[{"embeddable":true,"href":"http:\/\/physiofit-tharner.de\/index.php?rest_route=%2Fwp%2Fv2%2Fcomments&post=31"}],"version-history":[{"count":6,"href":"http:\/\/physiofit-tharner.de\/index.php?rest_route=\/wp\/v2\/pages\/31\/revisions"}],"predecessor-version":[{"id":252,"href":"http:\/\/physiofit-tharner.de\/index.php?rest_route=\/wp\/v2\/pages\/31\/revisions\/252"}],"wp:attachment":[{"href":"http:\/\/physiofit-tharner.de\/index.php?rest_route=%2Fwp%2Fv2%2Fmedia&parent=31"}],"curies":[{"name":"wp","href":"https:\/\/api.w.org\/{rel}","templated":true}]}}